{"id":669,"date":"2023-09-27T12:19:07","date_gmt":"2023-09-27T12:19:07","guid":{"rendered":"https:\/\/www.alveria.it\/?page_id=669"},"modified":"2024-05-21T12:19:32","modified_gmt":"2024-05-21T12:19:32","slug":"politica-medioambiental","status":"publish","type":"page","link":"https:\/\/www.alveria.it\/espanol\/politica-ambientale\/","title":{"rendered":"POL\u00cdTICA MEDIOAMBIENTAL"},"content":{"rendered":"<p>Pol\u00edtica medioambiental<\/p>\n<h2 class=\"title\">POL\u00cdTICA MEDIOAMBIENTAL<\/h2>\n<p>Alveria Srl adopta y difunde a todos los niveles de su organizaci\u00f3n la siguiente Pol\u00edtica Medioambiental, que representa la declaraci\u00f3n expl\u00edcita de las intenciones y principios que la Direcci\u00f3n pretende adoptar, en consonancia con la actividad desarrollada y las caracter\u00edsticas de la organizaci\u00f3n, en t\u00e9rminos de comportamiento medioambiental global.<\/p>\n<p>El presente documento se ha elaborado de conformidad con los dictados de la norma UNI EN ISO 14001:2018 y en cumplimiento de las dem\u00e1s pol\u00edticas de la empresa, incluida la pol\u00edtica de Calidad.<\/p>\n<p>Por ello, la organizaci\u00f3n ha elaborado y aplica un programa de gesti\u00f3n ambiental, en relaci\u00f3n tanto con la norma de referencia como con la legislaci\u00f3n vigente, con el fin de identificar, prevenir y, en su caso, eliminar las fuentes de contaminaci\u00f3n derivadas de las actividades de la empresa y de los accidentes de trabajo potenciales y\/o accidentales causados tanto por los trabajadores como por los recursos externos a los que la empresa subcontrata trabajos.<\/p>\n<p>La Direcci\u00f3n tambi\u00e9n se compromete a poner esta Pol\u00edtica Medioambiental a disposici\u00f3n de las partes interesadas, as\u00ed como a sensibilizar al personal interno para consolidar un comportamiento cada vez m\u00e1s respetuoso con el medio ambiente.<\/p>\n<p>En este sentido, se realiza un seguimiento continuo para verificar el impacto real y\/o potencial sobre el medio ambiente circundante. Esto llevar\u00e1 a la creaci\u00f3n de un sistema de acciones para la mejora continua, a trav\u00e9s de la b\u00fasqueda de soluciones tecnol\u00f3gicas y econ\u00f3micamente innovadoras, especialmente teniendo en cuenta las experiencias pasadas de empresas similares que operan en el mismo sector.<\/p>\n<p>En funci\u00f3n de su actividad, Alveria define sus objetivos y metas medioambientales centr\u00e1ndose en los siguientes tipos de impacto con el fin de controlar, cuantificar y minimizar su impacto medioambiental a lo largo del tiempo:<\/p>\n<ul>\n<li>a la atm\u00f3sfera;<\/li>\n<li>consumo de recursos.<\/li>\n<li>La Direcci\u00f3n, con el fin de asegurar que la Pol\u00edtica Medioambiental se implanta y mantiene de forma correcta y en plazo, prev\u00e9 la adopci\u00f3n de procedimientos e instrucciones operativas dirigidas a<\/li>\n<li>implantar y certificar su propio Sistema de Gesti\u00f3n Medioambiental;<\/li>\n<li>difundir el uso correcto de los suministros de agua y energ\u00eda en todos los niveles de la organizaci\u00f3n;<\/li>\n<li>difundir y compartir soluciones \"a distancia\" que utilicen eficazmente los recursos con sus clientes actuales y potenciales<\/li>\n<li>comunicar a todos los empleados el uso correcto de los equipos y dispositivos de seguridad, as\u00ed como las pr\u00e1cticas y el comportamiento que deben adoptarse tanto normalmente como en caso de emergencia medioambiental;<\/li>\n<li>proporcionar documentaci\u00f3n objetiva que demuestre el cumplimiento de la legislaci\u00f3n vigente en materia de respeto del medio ambiente y protecci\u00f3n de la salud de los trabajadores y la comunidad, a fin de reducir dr\u00e1sticamente los riesgos para las personas y el medio ambiente;<\/li>\n<li>revisar todo el conjunto de procesos operativos de la empresa en caso de cambios tecnol\u00f3gicos y\/o adaptaciones estructurales del centro.<\/li>\n<\/ul>\n<p>La direcci\u00f3n tambi\u00e9n se compromete a difundir su pol\u00edtica medioambiental entre proveedores, clientes y organismos p\u00fablicos de control mediante la documentaci\u00f3n adecuada.<\/p>\n<p>La sensibilizaci\u00f3n e informaci\u00f3n del personal interno se lleva a cabo mediante programas de formaci\u00f3n\/informaci\u00f3n adecuados y la difusi\u00f3n de material informativo.<\/p>\n<p>Desde el punto de vista legislativo, Alveria s.r.l. prepara la documentaci\u00f3n adecuada, a la que adjuntar\u00e1 los certificados y autorizaciones exigidos por la ley para el ejercicio de sus actividades.<\/p>\n<p>No obstante, los objetivos de la empresa est\u00e1n estrechamente ligados a las siguientes condiciones:<\/p>\n<ul>\n<li>viabilidad t\u00e9cnico-econ\u00f3mica;<\/li>\n<li>variaciones tecnol\u00f3gicas;<\/li>\n<li>dise\u00f1o de nuevos servicios<\/li>\n<li>modificaciones del proceso;<\/li>\n<li>cambios legislativos<\/li>\n<\/ul>\n<p>El Representante Legal a 31 de diciembre de 2020<\/p>\n<h6 class=\"title\">CONSULTOR\u00cdA, FORMACI\u00d3N EN DIGITALIZACI\u00d3N DE HR Y SOLUCIONES EMPRESARIALES DESCUBRA EL M\u00c9TODO ALVERIA Y PREP\u00c1RESE PARA EL CAMBIO.<\/h6>\n<p><a class=\"button  button_size_2 button_dark\" title=\"\" href=\"\/espanol\/contactos\/\"><span class=\"button_label\">SOLICITAR M\u00c1S INFORMACI\u00d3N<\/span><\/a><\/p>","protected":false},"excerpt":{"rendered":"<p>Politica ambientale POLITICA AMBIENTALE Alveria Srl adotta e diffonde ad ogni livello della sua Organizzazione la seguente Politica Ambientale che rappresenta la dichiarazione esplicita delle intenzioni<span class=\"excerpt-hellip\"> [\u2026]<\/span><\/p>\n","protected":false},"author":4,"featured_media":1021,"parent":0,"menu_order":0,"comment_status":"open","ping_status":"closed","template":"","meta":{"iawp_total_views":46,"footnotes":""},"class_list":["post-669","page","type-page","status-publish","has-post-thumbnail","hentry"],"yoast_head":"<!-- This site is optimized with the Yoast SEO plugin v27.5 - https:\/\/yoast.com\/product\/yoast-seo-wordpress\/ -->\n<title>POLITICA AMBIENTALE<\/title>\n<meta name=\"description\" content=\"Politica ambientale POLITICA AMBIENTALE Alveria Srl adotta e diffonde ad ogni livello della sua Organizzazione la seguente Politica Ambientale che\" \/>\n<meta name=\"robots\" content=\"index, follow, max-snippet:-1, max-image-preview:large, max-video-preview:-1\" \/>\n<link rel=\"canonical\" href=\"https:\/\/www.alveria.it\/espanol\/politica-medioambiental\/\" \/>\n<meta property=\"og:locale\" content=\"es_ES\" \/>\n<meta property=\"og:type\" content=\"article\" \/>\n<meta property=\"og:title\" content=\"POLITICA AMBIENTALE\" \/>\n<meta property=\"og:description\" content=\"Politica ambientale POLITICA AMBIENTALE Alveria Srl adotta e diffonde ad ogni livello della sua Organizzazione la seguente Politica Ambientale che\" \/>\n<meta property=\"og:url\" content=\"https:\/\/www.alveria.it\/espanol\/politica-medioambiental\/\" \/>\n<meta property=\"og:site_name\" content=\"Alveria - Consulting, Training and Solutions\" \/>\n<meta property=\"article:modified_time\" content=\"2024-05-21T12:19:32+00:00\" \/>\n<meta property=\"og:image\" content=\"https:\/\/www.alveria.it\/wp-content\/uploads\/2023\/10\/Alveria-policy-virata.jpg\" \/>\n\t<meta property=\"og:image:width\" content=\"1920\" \/>\n\t<meta property=\"og:image:height\" content=\"1080\" \/>\n\t<meta property=\"og:image:type\" content=\"image\/jpeg\" \/>\n<meta name=\"twitter:card\" content=\"summary_large_image\" \/>\n<meta name=\"twitter:label1\" content=\"Tiempo de lectura\" \/>\n\t<meta name=\"twitter:data1\" content=\"4 minutos\" \/>\n<script type=\"application\/ld+json\" class=\"yoast-schema-graph\">{\"@context\":\"https:\\\/\\\/schema.org\",\"@graph\":[{\"@type\":\"WebPage\",\"@id\":\"https:\\\/\\\/www.alveria.it\\\/politica-ambientale\\\/\",\"url\":\"https:\\\/\\\/www.alveria.it\\\/politica-ambientale\\\/\",\"name\":\"POLITICA AMBIENTALE\",\"isPartOf\":{\"@id\":\"https:\\\/\\\/www.alveria.it\\\/#website\"},\"primaryImageOfPage\":{\"@id\":\"https:\\\/\\\/www.alveria.it\\\/politica-ambientale\\\/#primaryimage\"},\"image\":{\"@id\":\"https:\\\/\\\/www.alveria.it\\\/politica-ambientale\\\/#primaryimage\"},\"thumbnailUrl\":\"https:\\\/\\\/www.alveria.it\\\/wp-content\\\/uploads\\\/2023\\\/10\\\/Alveria-policy-virata.jpg\",\"datePublished\":\"2023-09-27T12:19:07+00:00\",\"dateModified\":\"2024-05-21T12:19:32+00:00\",\"description\":\"Politica ambientale POLITICA AMBIENTALE Alveria Srl adotta e diffonde ad ogni livello della sua Organizzazione la seguente Politica Ambientale che\",\"breadcrumb\":{\"@id\":\"https:\\\/\\\/www.alveria.it\\\/politica-ambientale\\\/#breadcrumb\"},\"inLanguage\":\"es\",\"potentialAction\":[{\"@type\":\"ReadAction\",\"target\":[\"https:\\\/\\\/www.alveria.it\\\/politica-ambientale\\\/\"]}]},{\"@type\":\"ImageObject\",\"inLanguage\":\"es\",\"@id\":\"https:\\\/\\\/www.alveria.it\\\/politica-ambientale\\\/#primaryimage\",\"url\":\"https:\\\/\\\/www.alveria.it\\\/wp-content\\\/uploads\\\/2023\\\/10\\\/Alveria-policy-virata.jpg\",\"contentUrl\":\"https:\\\/\\\/www.alveria.it\\\/wp-content\\\/uploads\\\/2023\\\/10\\\/Alveria-policy-virata.jpg\",\"width\":1920,\"height\":1080},{\"@type\":\"BreadcrumbList\",\"@id\":\"https:\\\/\\\/www.alveria.it\\\/politica-ambientale\\\/#breadcrumb\",\"itemListElement\":[{\"@type\":\"ListItem\",\"position\":1,\"name\":\"Home\",\"item\":\"https:\\\/\\\/www.alveria.it\\\/\"},{\"@type\":\"ListItem\",\"position\":2,\"name\":\"POLITICA AMBIENTALE\"}]},{\"@type\":\"WebSite\",\"@id\":\"https:\\\/\\\/www.alveria.it\\\/#website\",\"url\":\"https:\\\/\\\/www.alveria.it\\\/\",\"name\":\"Alveria - Consulting, Training and Solutions\",\"description\":\"Alveria - Consulting, Training and Solutions\",\"publisher\":{\"@id\":\"https:\\\/\\\/www.alveria.it\\\/#organization\"},\"potentialAction\":[{\"@type\":\"SearchAction\",\"target\":{\"@type\":\"EntryPoint\",\"urlTemplate\":\"https:\\\/\\\/www.alveria.it\\\/?s={search_term_string}\"},\"query-input\":{\"@type\":\"PropertyValueSpecification\",\"valueRequired\":true,\"valueName\":\"search_term_string\"}}],\"inLanguage\":\"es\"},{\"@type\":\"Organization\",\"@id\":\"https:\\\/\\\/www.alveria.it\\\/#organization\",\"name\":\"Alveria - Consulting, Training and Solutions\",\"url\":\"https:\\\/\\\/www.alveria.it\\\/\",\"logo\":{\"@type\":\"ImageObject\",\"inLanguage\":\"es\",\"@id\":\"https:\\\/\\\/www.alveria.it\\\/#\\\/schema\\\/logo\\\/image\\\/\",\"url\":\"https:\\\/\\\/www.alveria.it\\\/wp-content\\\/uploads\\\/2023\\\/12\\\/logo_alveria_normal.svg\",\"contentUrl\":\"https:\\\/\\\/www.alveria.it\\\/wp-content\\\/uploads\\\/2023\\\/12\\\/logo_alveria_normal.svg\",\"caption\":\"Alveria - Consulting, Training and Solutions\"},\"image\":{\"@id\":\"https:\\\/\\\/www.alveria.it\\\/#\\\/schema\\\/logo\\\/image\\\/\"}}]}<\/script>\n<!-- \/ Yoast SEO plugin. -->","yoast_head_json":{"title":"POL\u00cdTICA MEDIOAMBIENTAL","description":"POL\u00cdTICA MEDIOAMBIENTAL Alveria Srl adopta y difunde a todos los niveles de su organizaci\u00f3n la siguiente Pol\u00edtica Medioambiental que","robots":{"index":"index","follow":"follow","max-snippet":"max-snippet:-1","max-image-preview":"max-image-preview:large","max-video-preview":"max-video-preview:-1"},"canonical":"https:\/\/www.alveria.it\/espanol\/politica-medioambiental\/","og_locale":"es_ES","og_type":"article","og_title":"POLITICA AMBIENTALE","og_description":"Politica ambientale POLITICA AMBIENTALE Alveria Srl adotta e diffonde ad ogni livello della sua Organizzazione la seguente Politica Ambientale che","og_url":"https:\/\/www.alveria.it\/espanol\/politica-medioambiental\/","og_site_name":"Alveria - Consulting, Training and Solutions","article_modified_time":"2024-05-21T12:19:32+00:00","og_image":[{"width":1920,"height":1080,"url":"https:\/\/www.alveria.it\/wp-content\/uploads\/2023\/10\/Alveria-policy-virata.jpg","type":"image\/jpeg"}],"twitter_card":"summary_large_image","twitter_misc":{"Tiempo de lectura":"4 minutos"},"schema":{"@context":"https:\/\/schema.org","@graph":[{"@type":"WebPage","@id":"https:\/\/www.alveria.it\/politica-ambientale\/","url":"https:\/\/www.alveria.it\/politica-ambientale\/","name":"POL\u00cdTICA MEDIOAMBIENTAL","isPartOf":{"@id":"https:\/\/www.alveria.it\/#website"},"primaryImageOfPage":{"@id":"https:\/\/www.alveria.it\/politica-ambientale\/#primaryimage"},"image":{"@id":"https:\/\/www.alveria.it\/politica-ambientale\/#primaryimage"},"thumbnailUrl":"https:\/\/www.alveria.it\/wp-content\/uploads\/2023\/10\/Alveria-policy-virata.jpg","datePublished":"2023-09-27T12:19:07+00:00","dateModified":"2024-05-21T12:19:32+00:00","description":"POL\u00cdTICA MEDIOAMBIENTAL Alveria Srl adopta y difunde a todos los niveles de su organizaci\u00f3n la siguiente Pol\u00edtica Medioambiental que","breadcrumb":{"@id":"https:\/\/www.alveria.it\/politica-ambientale\/#breadcrumb"},"inLanguage":"es","potentialAction":[{"@type":"ReadAction","target":["https:\/\/www.alveria.it\/politica-ambientale\/"]}]},{"@type":"ImageObject","inLanguage":"es","@id":"https:\/\/www.alveria.it\/politica-ambientale\/#primaryimage","url":"https:\/\/www.alveria.it\/wp-content\/uploads\/2023\/10\/Alveria-policy-virata.jpg","contentUrl":"https:\/\/www.alveria.it\/wp-content\/uploads\/2023\/10\/Alveria-policy-virata.jpg","width":1920,"height":1080},{"@type":"BreadcrumbList","@id":"https:\/\/www.alveria.it\/politica-ambientale\/#breadcrumb","itemListElement":[{"@type":"ListItem","position":1,"name":"Home","item":"https:\/\/www.alveria.it\/"},{"@type":"ListItem","position":2,"name":"POLITICA AMBIENTALE"}]},{"@type":"WebSite","@id":"https:\/\/www.alveria.it\/#website","url":"https:\/\/www.alveria.it\/","name":"Alveria - Consultor\u00eda, formaci\u00f3n y soluciones","description":"Alveria - Consultor\u00eda, formaci\u00f3n y soluciones","publisher":{"@id":"https:\/\/www.alveria.it\/#organization"},"potentialAction":[{"@type":"SearchAction","target":{"@type":"EntryPoint","urlTemplate":"https:\/\/www.alveria.it\/?s={search_term_string}"},"query-input":{"@type":"PropertyValueSpecification","valueRequired":true,"valueName":"search_term_string"}}],"inLanguage":"es"},{"@type":"Organization","@id":"https:\/\/www.alveria.it\/#organization","name":"Alveria - Consultor\u00eda, formaci\u00f3n y soluciones","url":"https:\/\/www.alveria.it\/","logo":{"@type":"ImageObject","inLanguage":"es","@id":"https:\/\/www.alveria.it\/#\/schema\/logo\/image\/","url":"https:\/\/www.alveria.it\/wp-content\/uploads\/2023\/12\/logo_alveria_normal.svg","contentUrl":"https:\/\/www.alveria.it\/wp-content\/uploads\/2023\/12\/logo_alveria_normal.svg","caption":"Alveria - Consulting, Training and Solutions"},"image":{"@id":"https:\/\/www.alveria.it\/#\/schema\/logo\/image\/"}}]}},"_links":{"self":[{"href":"https:\/\/www.alveria.it\/espanol\/wp-json\/wp\/v2\/pages\/669","targetHints":{"allow":["GET"]}}],"collection":[{"href":"https:\/\/www.alveria.it\/espanol\/wp-json\/wp\/v2\/pages"}],"about":[{"href":"https:\/\/www.alveria.it\/espanol\/wp-json\/wp\/v2\/types\/page"}],"author":[{"embeddable":true,"href":"https:\/\/www.alveria.it\/espanol\/wp-json\/wp\/v2\/users\/4"}],"replies":[{"embeddable":true,"href":"https:\/\/www.alveria.it\/espanol\/wp-json\/wp\/v2\/comments?post=669"}],"version-history":[{"count":2,"href":"https:\/\/www.alveria.it\/espanol\/wp-json\/wp\/v2\/pages\/669\/revisions"}],"predecessor-version":[{"id":1542,"href":"https:\/\/www.alveria.it\/espanol\/wp-json\/wp\/v2\/pages\/669\/revisions\/1542"}],"wp:featuredmedia":[{"embeddable":true,"href":"https:\/\/www.alveria.it\/espanol\/wp-json\/wp\/v2\/media\/1021"}],"wp:attachment":[{"href":"https:\/\/www.alveria.it\/espanol\/wp-json\/wp\/v2\/media?parent=669"}],"curies":[{"name":"wp","href":"https:\/\/api.w.org\/{rel}","templated":true}]}}