{"id":454,"date":"2023-09-26T12:25:46","date_gmt":"2023-09-26T12:25:46","guid":{"rendered":"https:\/\/www.alveria.it\/?page_id=454"},"modified":"2024-05-21T11:48:58","modified_gmt":"2024-05-21T11:48:58","slug":"comunicacion-interpersonal","status":"publish","type":"page","link":"https:\/\/www.alveria.it\/espanol\/formazione\/people-e-managerial-development-162\/comunicazione-pubblica-e-di-impresa\/comunicazione-interpersonale\/","title":{"rendered":"COMUNICACI\u00d3N INTERPERSONAL"},"content":{"rendered":"<p>COMUNICAZIONE INTERPERSONALE<\/p>\n<p>[aioseo_breadcrumbs]<\/p>\n<ul>\n<li>| IN PRESENZA E ONLINE<\/li>\n<li>COMPETENZE BASE<\/li>\n<li>3 MODULI<\/li>\n<\/ul>\n<h3 class=\"title\">L\u2019USO DELL\u2019INTELLIGENZA SOCIALE COME CHIAVE PER UNA COMUNICAZIONE EFFICACE<\/h3>\n<h3 class=\"title\">OBIETTIVI<\/h3>\n<p style=\"text-align: center;\">Il corso\u00a0\u00e8 rivolto a tutte le figure all\u2019interno dell\u2019organizzazione che hanno la necessit\u00e0 di modificare il proprio stile di comunicazione con lo scopo di migliorare le proprie prestazioni professionali, individuali o di team al fine di <strong>rafforzarne le abilit\u00e0 comunicative<\/strong> e permettere cos\u00ec una <strong>trasmissione efficace dei propri obiettivi<\/strong> ed un\u2019interpretazione corretta di quelle che sono le esigenze di interlocutori e collaboratori.<\/p>\n<h3>PROGRAMMA<\/h3>\n<p style=\"text-align: left;\"><strong>Modulo 1<\/strong><\/p>\n<ul class=\"mfn-list mfn-list-left mfn-list-middle\">\n<li class=\"mfn-list-item\" style=\"counter-set: my-sec-counter 0;\"><span class=\"mfn-list-desc\">Analisi del proprio stile di comunicazione: i significati, le componenti, le sfide della comunicazione interpersonale<\/span><\/li>\n<\/ul>\n<p style=\"text-align: left;\"><strong>Modulo 2<\/strong><\/p>\n<ul class=\"mfn-list mfn-list-left mfn-list-middle\">\n<li class=\"mfn-list-item\" style=\"counter-set: my-sec-counter 0;\"><span class=\"mfn-list-desc\">Elementi del processo di comunicazione: gli assiomi della comunicazione<\/span><\/li>\n<li class=\"mfn-list-item\"><span class=\"mfn-list-desc\">Comunicazione verbale e non verbale<\/span><\/li>\n<\/ul>\n<p style=\"text-align: left;\"><strong>Modulo 3<\/strong><\/p>\n<ul class=\"mfn-list mfn-list-left mfn-list-middle\">\n<li class=\"mfn-list-item\" style=\"counter-set: my-sec-counter 0;\"><span class=\"mfn-list-desc\">Empatia ed ascolto attivo: il valore dell\u2019ascolto<\/span><\/li>\n<li class=\"mfn-list-item\"><span class=\"mfn-list-desc\">Tecniche e strumenti per la comunicazione efficace: la comunicazione all\u2019interno del team e il valore dell\u2019assertivit\u00e0.<\/span><\/li>\n<\/ul>\n<h3 class=\"title\">PEDAGOGIA<\/h3>\n<p style=\"text-align: center;\">Il corso \u00e8 altamente esercitativo. La didattica vede la continua alternanza di momenti teorici e momenti pratici con role-play, simulazioni, esercitazioni.<\/p>\n<h3 class=\"title\">DESTINATARI<\/h3>\n<p style=\"text-align: center;\"><strong>Manager <\/strong>e figure con responsabilit\u00e0 nella gestione di processi complessi<\/p>\n<h3 class=\"title\">MATERIALI FORMATIVI<\/h3>\n<p style=\"text-align: center;\">Video lezioni e materiali d\u2019aula<\/p>\n<h6 class=\"title\"><a href=\"https:\/\/www.hcms.it\/contatti\/\">CONSULENZA<\/a>, FORMAZIONE DIGITALIZZAZIONE HR E SOLUZIONI AZIENDALI SCOPRI IL METODO ALVERIA E PREPARATI AL CAMBIAMENTO.<\/h6>\n<p><a class=\"button  button_size_2 button_dark\" title=\"\" href=\"\/contatti\/\"><span class=\"button_label\">RICHIEDI MAGGIORI INFORMAZIONI<\/span><\/a><\/p>\n","protected":false},"excerpt":{"rendered":"<p>COMUNICAZIONE INTERPERSONALE [aioseo_breadcrumbs] | IN PRESENZA E ONLINE COMPETENZE BASE 3 MODULI L\u2019USO DELL\u2019INTELLIGENZA SOCIALE COME CHIAVE PER UNA COMUNICAZIONE EFFICACE OBIETTIVI Il corso\u00a0\u00e8 rivolto a<span class=\"excerpt-hellip\"> [\u2026]<\/span><\/p>\n","protected":false},"author":2,"featured_media":752,"parent":167,"menu_order":0,"comment_status":"open","ping_status":"closed","template":"","meta":{"iawp_total_views":23,"footnotes":""},"class_list":["post-454","page","type-page","status-publish","has-post-thumbnail","hentry"],"yoast_head":"<!-- This site is optimized with the Yoast SEO plugin v27.5 - https:\/\/yoast.com\/product\/yoast-seo-wordpress\/ -->\n<title>COMUNICAZIONE INTERPERSONALE<\/title>\n<meta name=\"description\" content=\"Alveria offre corsi di Comunicazione Interpersonale per migliorare abilit\u00e0 comunicative e prestazioni professionali, con focus su empatia e ascolto attivo.\" \/>\n<meta name=\"robots\" content=\"index, follow, max-snippet:-1, max-image-preview:large, max-video-preview:-1\" \/>\n<link rel=\"canonical\" href=\"https:\/\/www.alveria.it\/espanol\/formacion\/personas-y-desarrollo-directivo\/comunicacion-publica-y-corporativa\/comunicacion-interpersonal\/\" \/>\n<meta property=\"og:locale\" content=\"es_ES\" \/>\n<meta property=\"og:type\" content=\"article\" \/>\n<meta property=\"og:title\" content=\"COMUNICAZIONE INTERPERSONALE\" \/>\n<meta property=\"og:description\" content=\"Alveria offre corsi di Comunicazione Interpersonale per migliorare abilit\u00e0 comunicative e prestazioni professionali, con focus su empatia e ascolto attivo.\" \/>\n<meta property=\"og:url\" content=\"https:\/\/www.alveria.it\/espanol\/formacion\/personas-y-desarrollo-directivo\/comunicacion-publica-y-corporativa\/comunicacion-interpersonal\/\" \/>\n<meta property=\"og:site_name\" content=\"Alveria - Consulting, Training and Solutions\" \/>\n<meta property=\"article:modified_time\" content=\"2024-05-21T11:48:58+00:00\" \/>\n<meta property=\"og:image\" content=\"https:\/\/www.alveria.it\/wp-content\/uploads\/2023\/09\/comunicazione-interpersonale-virata.jpg\" \/>\n\t<meta property=\"og:image:width\" content=\"1920\" \/>\n\t<meta property=\"og:image:height\" content=\"1080\" \/>\n\t<meta property=\"og:image:type\" content=\"image\/jpeg\" \/>\n<meta name=\"twitter:card\" content=\"summary_large_image\" \/>\n<meta name=\"twitter:label1\" content=\"Tiempo de lectura\" \/>\n\t<meta name=\"twitter:data1\" content=\"2 minutos\" \/>\n<script type=\"application\/ld+json\" class=\"yoast-schema-graph\">{\"@context\":\"https:\\\/\\\/schema.org\",\"@graph\":[{\"@type\":\"WebPage\",\"@id\":\"https:\\\/\\\/www.alveria.it\\\/formazione\\\/people-e-managerial-development\\\/comunicazione-pubblica-e-di-impresa\\\/comunicazione-interpersonale\\\/\",\"url\":\"https:\\\/\\\/www.alveria.it\\\/formazione\\\/people-e-managerial-development\\\/comunicazione-pubblica-e-di-impresa\\\/comunicazione-interpersonale\\\/\",\"name\":\"COMUNICAZIONE INTERPERSONALE\",\"isPartOf\":{\"@id\":\"https:\\\/\\\/www.alveria.it\\\/#website\"},\"primaryImageOfPage\":{\"@id\":\"https:\\\/\\\/www.alveria.it\\\/formazione\\\/people-e-managerial-development\\\/comunicazione-pubblica-e-di-impresa\\\/comunicazione-interpersonale\\\/#primaryimage\"},\"image\":{\"@id\":\"https:\\\/\\\/www.alveria.it\\\/formazione\\\/people-e-managerial-development\\\/comunicazione-pubblica-e-di-impresa\\\/comunicazione-interpersonale\\\/#primaryimage\"},\"thumbnailUrl\":\"https:\\\/\\\/www.alveria.it\\\/wp-content\\\/uploads\\\/2023\\\/09\\\/comunicazione-interpersonale-virata.jpg\",\"datePublished\":\"2023-09-26T12:25:46+00:00\",\"dateModified\":\"2024-05-21T11:48:58+00:00\",\"description\":\"Alveria offre corsi di Comunicazione Interpersonale per migliorare abilit\u00e0 comunicative e prestazioni professionali, con focus su empatia e ascolto attivo.\",\"breadcrumb\":{\"@id\":\"https:\\\/\\\/www.alveria.it\\\/formazione\\\/people-e-managerial-development\\\/comunicazione-pubblica-e-di-impresa\\\/comunicazione-interpersonale\\\/#breadcrumb\"},\"inLanguage\":\"es\",\"potentialAction\":[{\"@type\":\"ReadAction\",\"target\":[\"https:\\\/\\\/www.alveria.it\\\/formazione\\\/people-e-managerial-development\\\/comunicazione-pubblica-e-di-impresa\\\/comunicazione-interpersonale\\\/\"]}]},{\"@type\":\"ImageObject\",\"inLanguage\":\"es\",\"@id\":\"https:\\\/\\\/www.alveria.it\\\/formazione\\\/people-e-managerial-development\\\/comunicazione-pubblica-e-di-impresa\\\/comunicazione-interpersonale\\\/#primaryimage\",\"url\":\"https:\\\/\\\/www.alveria.it\\\/wp-content\\\/uploads\\\/2023\\\/09\\\/comunicazione-interpersonale-virata.jpg\",\"contentUrl\":\"https:\\\/\\\/www.alveria.it\\\/wp-content\\\/uploads\\\/2023\\\/09\\\/comunicazione-interpersonale-virata.jpg\",\"width\":1920,\"height\":1080},{\"@type\":\"BreadcrumbList\",\"@id\":\"https:\\\/\\\/www.alveria.it\\\/formazione\\\/people-e-managerial-development\\\/comunicazione-pubblica-e-di-impresa\\\/comunicazione-interpersonale\\\/#breadcrumb\",\"itemListElement\":[{\"@type\":\"ListItem\",\"position\":1,\"name\":\"Home\",\"item\":\"https:\\\/\\\/www.alveria.it\\\/\"},{\"@type\":\"ListItem\",\"position\":2,\"name\":\"FORMAZIONE\",\"item\":\"https:\\\/\\\/www.alveria.it\\\/formazione\\\/\"},{\"@type\":\"ListItem\",\"position\":3,\"name\":\"PEOPLE E MANAGERIAL DEVELOPMENT\",\"item\":\"https:\\\/\\\/www.alveria.it\\\/formazione\\\/people-e-managerial-development\\\/\"},{\"@type\":\"ListItem\",\"position\":4,\"name\":\"COMUNICAZIONE PUBBLICA E DI IMPRESA\",\"item\":\"https:\\\/\\\/www.alveria.it\\\/formazione\\\/people-e-managerial-development\\\/comunicazione-pubblica-e-di-impresa\\\/\"},{\"@type\":\"ListItem\",\"position\":5,\"name\":\"COMUNICAZIONE INTERPERSONALE\"}]},{\"@type\":\"WebSite\",\"@id\":\"https:\\\/\\\/www.alveria.it\\\/#website\",\"url\":\"https:\\\/\\\/www.alveria.it\\\/\",\"name\":\"Alveria - Consulting, Training and Solutions\",\"description\":\"Alveria - Consulting, Training and Solutions\",\"publisher\":{\"@id\":\"https:\\\/\\\/www.alveria.it\\\/#organization\"},\"potentialAction\":[{\"@type\":\"SearchAction\",\"target\":{\"@type\":\"EntryPoint\",\"urlTemplate\":\"https:\\\/\\\/www.alveria.it\\\/?s={search_term_string}\"},\"query-input\":{\"@type\":\"PropertyValueSpecification\",\"valueRequired\":true,\"valueName\":\"search_term_string\"}}],\"inLanguage\":\"es\"},{\"@type\":\"Organization\",\"@id\":\"https:\\\/\\\/www.alveria.it\\\/#organization\",\"name\":\"Alveria - Consulting, Training and Solutions\",\"url\":\"https:\\\/\\\/www.alveria.it\\\/\",\"logo\":{\"@type\":\"ImageObject\",\"inLanguage\":\"es\",\"@id\":\"https:\\\/\\\/www.alveria.it\\\/#\\\/schema\\\/logo\\\/image\\\/\",\"url\":\"https:\\\/\\\/www.alveria.it\\\/wp-content\\\/uploads\\\/2023\\\/12\\\/logo_alveria_normal.svg\",\"contentUrl\":\"https:\\\/\\\/www.alveria.it\\\/wp-content\\\/uploads\\\/2023\\\/12\\\/logo_alveria_normal.svg\",\"caption\":\"Alveria - Consulting, Training and Solutions\"},\"image\":{\"@id\":\"https:\\\/\\\/www.alveria.it\\\/#\\\/schema\\\/logo\\\/image\\\/\"}}]}<\/script>\n<!-- \/ Yoast SEO plugin. -->","yoast_head_json":{"title":"COMUNICACI\u00d3N INTERPERSONAL","description":"Alveria ofrece cursos de Comunicaci\u00f3n Interpersonal para mejorar las habilidades de comunicaci\u00f3n y el rendimiento profesional, con especial atenci\u00f3n a la empat\u00eda y la escucha activa.","robots":{"index":"index","follow":"follow","max-snippet":"max-snippet:-1","max-image-preview":"max-image-preview:large","max-video-preview":"max-video-preview:-1"},"canonical":"https:\/\/www.alveria.it\/espanol\/formacion\/personas-y-desarrollo-directivo\/comunicacion-publica-y-corporativa\/comunicacion-interpersonal\/","og_locale":"es_ES","og_type":"article","og_title":"COMUNICAZIONE INTERPERSONALE","og_description":"Alveria offre corsi di Comunicazione Interpersonale per migliorare abilit\u00e0 comunicative e prestazioni professionali, con focus su empatia e ascolto attivo.","og_url":"https:\/\/www.alveria.it\/espanol\/formacion\/personas-y-desarrollo-directivo\/comunicacion-publica-y-corporativa\/comunicacion-interpersonal\/","og_site_name":"Alveria - Consulting, Training and Solutions","article_modified_time":"2024-05-21T11:48:58+00:00","og_image":[{"width":1920,"height":1080,"url":"https:\/\/www.alveria.it\/wp-content\/uploads\/2023\/09\/comunicazione-interpersonale-virata.jpg","type":"image\/jpeg"}],"twitter_card":"summary_large_image","twitter_misc":{"Tiempo de lectura":"2 minutos"},"schema":{"@context":"https:\/\/schema.org","@graph":[{"@type":"WebPage","@id":"https:\/\/www.alveria.it\/formazione\/people-e-managerial-development\/comunicazione-pubblica-e-di-impresa\/comunicazione-interpersonale\/","url":"https:\/\/www.alveria.it\/formazione\/people-e-managerial-development\/comunicazione-pubblica-e-di-impresa\/comunicazione-interpersonale\/","name":"COMUNICACI\u00d3N INTERPERSONAL","isPartOf":{"@id":"https:\/\/www.alveria.it\/#website"},"primaryImageOfPage":{"@id":"https:\/\/www.alveria.it\/formazione\/people-e-managerial-development\/comunicazione-pubblica-e-di-impresa\/comunicazione-interpersonale\/#primaryimage"},"image":{"@id":"https:\/\/www.alveria.it\/formazione\/people-e-managerial-development\/comunicazione-pubblica-e-di-impresa\/comunicazione-interpersonale\/#primaryimage"},"thumbnailUrl":"https:\/\/www.alveria.it\/wp-content\/uploads\/2023\/09\/comunicazione-interpersonale-virata.jpg","datePublished":"2023-09-26T12:25:46+00:00","dateModified":"2024-05-21T11:48:58+00:00","description":"Alveria ofrece cursos de Comunicaci\u00f3n Interpersonal para mejorar las habilidades de comunicaci\u00f3n y el rendimiento profesional, con especial atenci\u00f3n a la empat\u00eda y la escucha activa.","breadcrumb":{"@id":"https:\/\/www.alveria.it\/formazione\/people-e-managerial-development\/comunicazione-pubblica-e-di-impresa\/comunicazione-interpersonale\/#breadcrumb"},"inLanguage":"es","potentialAction":[{"@type":"ReadAction","target":["https:\/\/www.alveria.it\/formazione\/people-e-managerial-development\/comunicazione-pubblica-e-di-impresa\/comunicazione-interpersonale\/"]}]},{"@type":"ImageObject","inLanguage":"es","@id":"https:\/\/www.alveria.it\/formazione\/people-e-managerial-development\/comunicazione-pubblica-e-di-impresa\/comunicazione-interpersonale\/#primaryimage","url":"https:\/\/www.alveria.it\/wp-content\/uploads\/2023\/09\/comunicazione-interpersonale-virata.jpg","contentUrl":"https:\/\/www.alveria.it\/wp-content\/uploads\/2023\/09\/comunicazione-interpersonale-virata.jpg","width":1920,"height":1080},{"@type":"BreadcrumbList","@id":"https:\/\/www.alveria.it\/formazione\/people-e-managerial-development\/comunicazione-pubblica-e-di-impresa\/comunicazione-interpersonale\/#breadcrumb","itemListElement":[{"@type":"ListItem","position":1,"name":"Home","item":"https:\/\/www.alveria.it\/"},{"@type":"ListItem","position":2,"name":"FORMAZIONE","item":"https:\/\/www.alveria.it\/formazione\/"},{"@type":"ListItem","position":3,"name":"PEOPLE E MANAGERIAL DEVELOPMENT","item":"https:\/\/www.alveria.it\/formazione\/people-e-managerial-development\/"},{"@type":"ListItem","position":4,"name":"COMUNICAZIONE PUBBLICA E DI IMPRESA","item":"https:\/\/www.alveria.it\/formazione\/people-e-managerial-development\/comunicazione-pubblica-e-di-impresa\/"},{"@type":"ListItem","position":5,"name":"COMUNICAZIONE INTERPERSONALE"}]},{"@type":"WebSite","@id":"https:\/\/www.alveria.it\/#website","url":"https:\/\/www.alveria.it\/","name":"Alveria - Consultor\u00eda, formaci\u00f3n y soluciones","description":"Alveria - Consultor\u00eda, formaci\u00f3n y soluciones","publisher":{"@id":"https:\/\/www.alveria.it\/#organization"},"potentialAction":[{"@type":"SearchAction","target":{"@type":"EntryPoint","urlTemplate":"https:\/\/www.alveria.it\/?s={search_term_string}"},"query-input":{"@type":"PropertyValueSpecification","valueRequired":true,"valueName":"search_term_string"}}],"inLanguage":"es"},{"@type":"Organization","@id":"https:\/\/www.alveria.it\/#organization","name":"Alveria - Consultor\u00eda, formaci\u00f3n y soluciones","url":"https:\/\/www.alveria.it\/","logo":{"@type":"ImageObject","inLanguage":"es","@id":"https:\/\/www.alveria.it\/#\/schema\/logo\/image\/","url":"https:\/\/www.alveria.it\/wp-content\/uploads\/2023\/12\/logo_alveria_normal.svg","contentUrl":"https:\/\/www.alveria.it\/wp-content\/uploads\/2023\/12\/logo_alveria_normal.svg","caption":"Alveria - Consulting, Training and Solutions"},"image":{"@id":"https:\/\/www.alveria.it\/#\/schema\/logo\/image\/"}}]}},"_links":{"self":[{"href":"https:\/\/www.alveria.it\/espanol\/wp-json\/wp\/v2\/pages\/454","targetHints":{"allow":["GET"]}}],"collection":[{"href":"https:\/\/www.alveria.it\/espanol\/wp-json\/wp\/v2\/pages"}],"about":[{"href":"https:\/\/www.alveria.it\/espanol\/wp-json\/wp\/v2\/types\/page"}],"author":[{"embeddable":true,"href":"https:\/\/www.alveria.it\/espanol\/wp-json\/wp\/v2\/users\/2"}],"replies":[{"embeddable":true,"href":"https:\/\/www.alveria.it\/espanol\/wp-json\/wp\/v2\/comments?post=454"}],"version-history":[{"count":3,"href":"https:\/\/www.alveria.it\/espanol\/wp-json\/wp\/v2\/pages\/454\/revisions"}],"predecessor-version":[{"id":1881,"href":"https:\/\/www.alveria.it\/espanol\/wp-json\/wp\/v2\/pages\/454\/revisions\/1881"}],"up":[{"embeddable":true,"href":"https:\/\/www.alveria.it\/espanol\/wp-json\/wp\/v2\/pages\/167"}],"wp:featuredmedia":[{"embeddable":true,"href":"https:\/\/www.alveria.it\/espanol\/wp-json\/wp\/v2\/media\/752"}],"wp:attachment":[{"href":"https:\/\/www.alveria.it\/espanol\/wp-json\/wp\/v2\/media?parent=454"}],"curies":[{"name":"wp","href":"https:\/\/api.w.org\/{rel}","templated":true}]}}