{"id":167,"date":"2023-09-21T15:56:17","date_gmt":"2023-09-21T15:56:17","guid":{"rendered":"https:\/\/www.alveria.it\/?page_id=167"},"modified":"2024-05-21T11:48:26","modified_gmt":"2024-05-21T11:48:26","slug":"comunicacion-publica-y-corporativa","status":"publish","type":"page","link":"https:\/\/www.alveria.it\/espanol\/formazione\/people-e-managerial-development-162\/comunicazione-pubblica-e-di-impresa\/","title":{"rendered":"COMUNICACI\u00d3N P\u00daBLICA Y CORPORATIVA"},"content":{"rendered":"<p>Comunicaci\u00f3n p\u00fablica<\/p>\n<h3 class=\"title\">EL ARTE DE LA COMUNICACI\u00d3N REQUIERE UN CONJUNTO DE TALENTOS, PERO TAMBI\u00c9N OBEDECE A UNA SERIE DE REGLAS<\/h3>\n<p style=\"text-align: center;\">Ser capaz de expresarse mediante el uso de un lenguaje vivo, movilizador y transformador es esencial en contextos laborales en los que el trato con diferentes partes interesadas est\u00e1 a la orden del d\u00eda. La doble capacidad de dar sentido a las cosas y de expresarlas a trav\u00e9s de un lenguaje significativo confiere a quienes la poseen un importante poder de influencia tanto en contextos p\u00fablicos como privados, de uno a uno y de uno a muchos.<\/p>\n<p style=\"text-align: center;\">El arte de la comunicaci\u00f3n requiere un conjunto de talentos, pero tambi\u00e9n obedece a una serie de reglas que pueden aprenderse. En este sentido, la propuesta de Alveria en el \u00e1mbito de la comunicaci\u00f3n incluye <strong>momentos de formaci\u00f3n distintos pero complementarios<\/strong>que cubren todas las necesidades de los profesionales de las empresas que desean poner en marcha proyectos de integraci\u00f3n cultural y desarrollo de la identidad corporativa.<\/p>\n<p style=\"text-align: center;\">Para garantizar una comprensi\u00f3n eficaz de los temas tratados, los seminarios son\u00a0<strong>v\u00eddeos grabados<\/strong>\u00a0<strong>para<\/strong>\u00a0permitir al profesor\u00a0<strong>analizar \"en caliente<\/strong>\u00a0actuaciones individuales y comentarlas con el grupo.<\/p>\n<p style=\"margin: 0px;\"><img decoding=\"async\" class=\"scale-with-grid\" title=\"\" src=\"\/wp-content\/uploads\/2023\/09\/iStock-944101964.jpg\" alt=\"\" width=\"\" height=\"\" \/><\/p>\n<h4>COMUNICACI\u00d3N INTERPERSONAL<\/h4>\n<p>El uso de la inteligencia social como clave de una comunicaci\u00f3n eficaz.<\/p>\n<p><a class=\"button button-blocchetti button_size_2 button_dark\" title=\"\" href=\"\/espanol\/formacion\/personas-y-desarrollo-directivo\/comunicacion-publica-y-corporativa\/comunicacion-interpersonal\/\"><span class=\"button_label\">DESCUBRA<\/span><\/a><\/p>\n<p style=\"margin: 0px;\"><img decoding=\"async\" class=\"scale-with-grid\" title=\"\" src=\"\/wp-content\/uploads\/2023\/09\/iStock-1170078981.jpg\" alt=\"\" width=\"\" height=\"\" \/><\/p>\n<h4>COMUNICACI\u00d3N P\u00daBLICA Y PRESENTACI\u00d3N EMPRESARIAL<\/h4>\n<p>El arte de saber hablar y la conquista del p\u00fablico.<\/p>\n<p><a class=\"button button-blocchetti button_size_2 button_dark\" title=\"\" href=\"\/espanol\/formacion\/personas-y-desarrollo-directivo\/comunicacion-publica-y-corporativa\/hablar-en-publico-y-hacer-presentaciones-de-empresa\/\"><span class=\"button_label\">DESCUBRA<\/span><\/a><\/p>\n<p style=\"margin: 0px;\"><img decoding=\"async\" class=\"scale-with-grid\" title=\"\" src=\"\/wp-content\/uploads\/2023\/09\/iStock-1477013813.jpg\" alt=\"\" width=\"\" height=\"\" \/><\/p>\n<h4>COMUNICACI\u00d3N VERBAL Y NO VERBAL<\/h4>\n<p>\u00bfC\u00f3mo interpretar los mensajes del cuerpo?<\/p>\n<p><a class=\"button button-blocchetti button_size_2 button_dark\" title=\"\" href=\"\/espanol\/formacion\/personas-y-desarrollo-directivo\/comunicacion-publica-y-corporativa\/comunicacion-verbal-y-no-verbal\/\"><span class=\"button_label\">DESCUBRA<\/span><\/a><\/p>\n<h6 class=\"title\"><a href=\"https:\/\/www.hcms.it\/contatti\/\">CONSULTOR\u00cdA<\/a>FORMACI\u00d3N EN DIGITALIZACI\u00d3N DE LA RRHH Y SOLUCIONES EMPRESARIALES DESCUBRA EL M\u00c9TODO ALVERIA Y PREP\u00c1RESE PARA EL CAMBIO.<\/h6>\n<p><a class=\"button  button_size_2 button_dark\" title=\"\" href=\"\/espanol\/contactos\/\"><span class=\"button_label\">SOLICITAR M\u00c1S INFORMACI\u00d3N<\/span><\/a><\/p>","protected":false},"excerpt":{"rendered":"<p>Comunicazione Pubblica L\u2019ARTE DELLA COMUNICAZIONE RICHIEDE UN INSIEME DI TALENTI, MA OBBEDISCE ANCHE AD UN CERTO NUMERO DI REGOLE Essere in grado di esprimersi attraverso l&#8217;uso<span class=\"excerpt-hellip\"> [\u2026]<\/span><\/p>\n","protected":false},"author":4,"featured_media":747,"parent":162,"menu_order":0,"comment_status":"open","ping_status":"closed","template":"","meta":{"iawp_total_views":28,"footnotes":""},"class_list":["post-167","page","type-page","status-publish","has-post-thumbnail","hentry"],"yoast_head":"<!-- This site is optimized with the Yoast SEO plugin v27.5 - https:\/\/yoast.com\/product\/yoast-seo-wordpress\/ -->\n<title>COMUNICAZIONE PUBBLICA E DI IMPRESA<\/title>\n<meta name=\"description\" content=\"Scopri i corsi di comunicazione di Alveria: comunicazione interpersonale, pubblica, e comunicazione verbale e non verbale.\" \/>\n<meta name=\"robots\" content=\"index, follow, max-snippet:-1, max-image-preview:large, max-video-preview:-1\" \/>\n<link rel=\"canonical\" href=\"https:\/\/www.alveria.it\/espanol\/formacion\/personas-y-desarrollo-directivo\/comunicacion-publica-y-corporativa\/\" \/>\n<meta property=\"og:locale\" content=\"es_ES\" \/>\n<meta property=\"og:type\" content=\"article\" \/>\n<meta property=\"og:title\" content=\"COMUNICAZIONE PUBBLICA E DI IMPRESA\" \/>\n<meta property=\"og:description\" content=\"Scopri i corsi di comunicazione di Alveria: comunicazione interpersonale, pubblica, e comunicazione verbale e non verbale.\" \/>\n<meta property=\"og:url\" content=\"https:\/\/www.alveria.it\/espanol\/formacion\/personas-y-desarrollo-directivo\/comunicacion-publica-y-corporativa\/\" \/>\n<meta property=\"og:site_name\" content=\"Alveria - Consulting, Training and Solutions\" \/>\n<meta property=\"article:modified_time\" content=\"2024-05-21T11:48:26+00:00\" \/>\n<meta property=\"og:image\" content=\"https:\/\/www.alveria.it\/wp-content\/uploads\/2023\/09\/Comunicazione-Pubblica-Impresa-virata.jpg\" \/>\n\t<meta property=\"og:image:width\" content=\"1920\" \/>\n\t<meta property=\"og:image:height\" content=\"1080\" \/>\n\t<meta property=\"og:image:type\" content=\"image\/jpeg\" \/>\n<meta name=\"twitter:card\" content=\"summary_large_image\" \/>\n<meta name=\"twitter:label1\" content=\"Tiempo de lectura\" \/>\n\t<meta name=\"twitter:data1\" content=\"3 minutos\" \/>\n<script type=\"application\/ld+json\" class=\"yoast-schema-graph\">{\"@context\":\"https:\\\/\\\/schema.org\",\"@graph\":[{\"@type\":\"WebPage\",\"@id\":\"https:\\\/\\\/www.alveria.it\\\/formazione\\\/people-e-managerial-development\\\/comunicazione-pubblica-e-di-impresa\\\/\",\"url\":\"https:\\\/\\\/www.alveria.it\\\/formazione\\\/people-e-managerial-development\\\/comunicazione-pubblica-e-di-impresa\\\/\",\"name\":\"COMUNICAZIONE PUBBLICA E DI IMPRESA\",\"isPartOf\":{\"@id\":\"https:\\\/\\\/www.alveria.it\\\/#website\"},\"primaryImageOfPage\":{\"@id\":\"https:\\\/\\\/www.alveria.it\\\/formazione\\\/people-e-managerial-development\\\/comunicazione-pubblica-e-di-impresa\\\/#primaryimage\"},\"image\":{\"@id\":\"https:\\\/\\\/www.alveria.it\\\/formazione\\\/people-e-managerial-development\\\/comunicazione-pubblica-e-di-impresa\\\/#primaryimage\"},\"thumbnailUrl\":\"https:\\\/\\\/www.alveria.it\\\/wp-content\\\/uploads\\\/2023\\\/09\\\/Comunicazione-Pubblica-Impresa-virata.jpg\",\"datePublished\":\"2023-09-21T15:56:17+00:00\",\"dateModified\":\"2024-05-21T11:48:26+00:00\",\"description\":\"Scopri i corsi di comunicazione di Alveria: comunicazione interpersonale, pubblica, e comunicazione verbale e non verbale.\",\"breadcrumb\":{\"@id\":\"https:\\\/\\\/www.alveria.it\\\/formazione\\\/people-e-managerial-development\\\/comunicazione-pubblica-e-di-impresa\\\/#breadcrumb\"},\"inLanguage\":\"es\",\"potentialAction\":[{\"@type\":\"ReadAction\",\"target\":[\"https:\\\/\\\/www.alveria.it\\\/formazione\\\/people-e-managerial-development\\\/comunicazione-pubblica-e-di-impresa\\\/\"]}]},{\"@type\":\"ImageObject\",\"inLanguage\":\"es\",\"@id\":\"https:\\\/\\\/www.alveria.it\\\/formazione\\\/people-e-managerial-development\\\/comunicazione-pubblica-e-di-impresa\\\/#primaryimage\",\"url\":\"https:\\\/\\\/www.alveria.it\\\/wp-content\\\/uploads\\\/2023\\\/09\\\/Comunicazione-Pubblica-Impresa-virata.jpg\",\"contentUrl\":\"https:\\\/\\\/www.alveria.it\\\/wp-content\\\/uploads\\\/2023\\\/09\\\/Comunicazione-Pubblica-Impresa-virata.jpg\",\"width\":1920,\"height\":1080},{\"@type\":\"BreadcrumbList\",\"@id\":\"https:\\\/\\\/www.alveria.it\\\/formazione\\\/people-e-managerial-development\\\/comunicazione-pubblica-e-di-impresa\\\/#breadcrumb\",\"itemListElement\":[{\"@type\":\"ListItem\",\"position\":1,\"name\":\"Home\",\"item\":\"https:\\\/\\\/www.alveria.it\\\/\"},{\"@type\":\"ListItem\",\"position\":2,\"name\":\"FORMAZIONE\",\"item\":\"https:\\\/\\\/www.alveria.it\\\/formazione\\\/\"},{\"@type\":\"ListItem\",\"position\":3,\"name\":\"PEOPLE E MANAGERIAL DEVELOPMENT\",\"item\":\"https:\\\/\\\/www.alveria.it\\\/formazione\\\/people-e-managerial-development\\\/\"},{\"@type\":\"ListItem\",\"position\":4,\"name\":\"COMUNICAZIONE PUBBLICA E DI IMPRESA\"}]},{\"@type\":\"WebSite\",\"@id\":\"https:\\\/\\\/www.alveria.it\\\/#website\",\"url\":\"https:\\\/\\\/www.alveria.it\\\/\",\"name\":\"Alveria - Consulting, Training and Solutions\",\"description\":\"Alveria - Consulting, Training and Solutions\",\"publisher\":{\"@id\":\"https:\\\/\\\/www.alveria.it\\\/#organization\"},\"potentialAction\":[{\"@type\":\"SearchAction\",\"target\":{\"@type\":\"EntryPoint\",\"urlTemplate\":\"https:\\\/\\\/www.alveria.it\\\/?s={search_term_string}\"},\"query-input\":{\"@type\":\"PropertyValueSpecification\",\"valueRequired\":true,\"valueName\":\"search_term_string\"}}],\"inLanguage\":\"es\"},{\"@type\":\"Organization\",\"@id\":\"https:\\\/\\\/www.alveria.it\\\/#organization\",\"name\":\"Alveria - Consulting, Training and Solutions\",\"url\":\"https:\\\/\\\/www.alveria.it\\\/\",\"logo\":{\"@type\":\"ImageObject\",\"inLanguage\":\"es\",\"@id\":\"https:\\\/\\\/www.alveria.it\\\/#\\\/schema\\\/logo\\\/image\\\/\",\"url\":\"https:\\\/\\\/www.alveria.it\\\/wp-content\\\/uploads\\\/2023\\\/12\\\/logo_alveria_normal.svg\",\"contentUrl\":\"https:\\\/\\\/www.alveria.it\\\/wp-content\\\/uploads\\\/2023\\\/12\\\/logo_alveria_normal.svg\",\"caption\":\"Alveria - Consulting, Training and Solutions\"},\"image\":{\"@id\":\"https:\\\/\\\/www.alveria.it\\\/#\\\/schema\\\/logo\\\/image\\\/\"}}]}<\/script>\n<!-- \/ Yoast SEO plugin. -->","yoast_head_json":{"title":"COMUNICACI\u00d3N P\u00daBLICA Y CORPORATIVA","description":"Descubra los cursos de comunicaci\u00f3n de Alveria: interpersonal, en p\u00fablico y comunicaci\u00f3n verbal y no verbal.","robots":{"index":"index","follow":"follow","max-snippet":"max-snippet:-1","max-image-preview":"max-image-preview:large","max-video-preview":"max-video-preview:-1"},"canonical":"https:\/\/www.alveria.it\/espanol\/formacion\/personas-y-desarrollo-directivo\/comunicacion-publica-y-corporativa\/","og_locale":"es_ES","og_type":"article","og_title":"COMUNICAZIONE PUBBLICA E DI IMPRESA","og_description":"Scopri i corsi di comunicazione di Alveria: comunicazione interpersonale, pubblica, e comunicazione verbale e non verbale.","og_url":"https:\/\/www.alveria.it\/espanol\/formacion\/personas-y-desarrollo-directivo\/comunicacion-publica-y-corporativa\/","og_site_name":"Alveria - Consulting, Training and Solutions","article_modified_time":"2024-05-21T11:48:26+00:00","og_image":[{"width":1920,"height":1080,"url":"https:\/\/www.alveria.it\/wp-content\/uploads\/2023\/09\/Comunicazione-Pubblica-Impresa-virata.jpg","type":"image\/jpeg"}],"twitter_card":"summary_large_image","twitter_misc":{"Tiempo de lectura":"3 minutos"},"schema":{"@context":"https:\/\/schema.org","@graph":[{"@type":"WebPage","@id":"https:\/\/www.alveria.it\/formazione\/people-e-managerial-development\/comunicazione-pubblica-e-di-impresa\/","url":"https:\/\/www.alveria.it\/formazione\/people-e-managerial-development\/comunicazione-pubblica-e-di-impresa\/","name":"COMUNICACI\u00d3N P\u00daBLICA Y CORPORATIVA","isPartOf":{"@id":"https:\/\/www.alveria.it\/#website"},"primaryImageOfPage":{"@id":"https:\/\/www.alveria.it\/formazione\/people-e-managerial-development\/comunicazione-pubblica-e-di-impresa\/#primaryimage"},"image":{"@id":"https:\/\/www.alveria.it\/formazione\/people-e-managerial-development\/comunicazione-pubblica-e-di-impresa\/#primaryimage"},"thumbnailUrl":"https:\/\/www.alveria.it\/wp-content\/uploads\/2023\/09\/Comunicazione-Pubblica-Impresa-virata.jpg","datePublished":"2023-09-21T15:56:17+00:00","dateModified":"2024-05-21T11:48:26+00:00","description":"Descubra los cursos de comunicaci\u00f3n de Alveria: interpersonal, en p\u00fablico y comunicaci\u00f3n verbal y no verbal.","breadcrumb":{"@id":"https:\/\/www.alveria.it\/formazione\/people-e-managerial-development\/comunicazione-pubblica-e-di-impresa\/#breadcrumb"},"inLanguage":"es","potentialAction":[{"@type":"ReadAction","target":["https:\/\/www.alveria.it\/formazione\/people-e-managerial-development\/comunicazione-pubblica-e-di-impresa\/"]}]},{"@type":"ImageObject","inLanguage":"es","@id":"https:\/\/www.alveria.it\/formazione\/people-e-managerial-development\/comunicazione-pubblica-e-di-impresa\/#primaryimage","url":"https:\/\/www.alveria.it\/wp-content\/uploads\/2023\/09\/Comunicazione-Pubblica-Impresa-virata.jpg","contentUrl":"https:\/\/www.alveria.it\/wp-content\/uploads\/2023\/09\/Comunicazione-Pubblica-Impresa-virata.jpg","width":1920,"height":1080},{"@type":"BreadcrumbList","@id":"https:\/\/www.alveria.it\/formazione\/people-e-managerial-development\/comunicazione-pubblica-e-di-impresa\/#breadcrumb","itemListElement":[{"@type":"ListItem","position":1,"name":"Home","item":"https:\/\/www.alveria.it\/"},{"@type":"ListItem","position":2,"name":"FORMAZIONE","item":"https:\/\/www.alveria.it\/formazione\/"},{"@type":"ListItem","position":3,"name":"PEOPLE E MANAGERIAL DEVELOPMENT","item":"https:\/\/www.alveria.it\/formazione\/people-e-managerial-development\/"},{"@type":"ListItem","position":4,"name":"COMUNICAZIONE PUBBLICA E DI IMPRESA"}]},{"@type":"WebSite","@id":"https:\/\/www.alveria.it\/#website","url":"https:\/\/www.alveria.it\/","name":"Alveria - Consultor\u00eda, formaci\u00f3n y soluciones","description":"Alveria - Consultor\u00eda, formaci\u00f3n y soluciones","publisher":{"@id":"https:\/\/www.alveria.it\/#organization"},"potentialAction":[{"@type":"SearchAction","target":{"@type":"EntryPoint","urlTemplate":"https:\/\/www.alveria.it\/?s={search_term_string}"},"query-input":{"@type":"PropertyValueSpecification","valueRequired":true,"valueName":"search_term_string"}}],"inLanguage":"es"},{"@type":"Organization","@id":"https:\/\/www.alveria.it\/#organization","name":"Alveria - Consultor\u00eda, formaci\u00f3n y soluciones","url":"https:\/\/www.alveria.it\/","logo":{"@type":"ImageObject","inLanguage":"es","@id":"https:\/\/www.alveria.it\/#\/schema\/logo\/image\/","url":"https:\/\/www.alveria.it\/wp-content\/uploads\/2023\/12\/logo_alveria_normal.svg","contentUrl":"https:\/\/www.alveria.it\/wp-content\/uploads\/2023\/12\/logo_alveria_normal.svg","caption":"Alveria - Consulting, Training and Solutions"},"image":{"@id":"https:\/\/www.alveria.it\/#\/schema\/logo\/image\/"}}]}},"_links":{"self":[{"href":"https:\/\/www.alveria.it\/espanol\/wp-json\/wp\/v2\/pages\/167","targetHints":{"allow":["GET"]}}],"collection":[{"href":"https:\/\/www.alveria.it\/espanol\/wp-json\/wp\/v2\/pages"}],"about":[{"href":"https:\/\/www.alveria.it\/espanol\/wp-json\/wp\/v2\/types\/page"}],"author":[{"embeddable":true,"href":"https:\/\/www.alveria.it\/espanol\/wp-json\/wp\/v2\/users\/4"}],"replies":[{"embeddable":true,"href":"https:\/\/www.alveria.it\/espanol\/wp-json\/wp\/v2\/comments?post=167"}],"version-history":[{"count":2,"href":"https:\/\/www.alveria.it\/espanol\/wp-json\/wp\/v2\/pages\/167\/revisions"}],"predecessor-version":[{"id":1478,"href":"https:\/\/www.alveria.it\/espanol\/wp-json\/wp\/v2\/pages\/167\/revisions\/1478"}],"up":[{"embeddable":true,"href":"https:\/\/www.alveria.it\/espanol\/wp-json\/wp\/v2\/pages\/162"}],"wp:featuredmedia":[{"embeddable":true,"href":"https:\/\/www.alveria.it\/espanol\/wp-json\/wp\/v2\/media\/747"}],"wp:attachment":[{"href":"https:\/\/www.alveria.it\/espanol\/wp-json\/wp\/v2\/media?parent=167"}],"curies":[{"name":"wp","href":"https:\/\/api.w.org\/{rel}","templated":true}]}}